{"id":30798,"date":"2026-09-03T17:04:09","date_gmt":"2026-09-03T21:04:09","guid":{"rendered":"https:\/\/portal.mph.cl\/?page_id=30798"},"modified":"2026-09-03T17:25:44","modified_gmt":"2026-09-03T21:25:44","slug":"formulario-de-postulacion","status":"publish","type":"page","link":"https:\/\/portal.mph.cl\/?page_id=30798","title":{"rendered":"Fondo juventud y accion climatica 2026"},"content":{"rendered":"<p style=\"font-weight: 400;\">Para el a\u00f1o 2026 la Municipalidad de Padre Hurtado consigue el financiamiento del Fondo Juventud y Acci\u00f3n Clim\u00e1tica otorgado por la fundaci\u00f3n Bloomberg Philanthropies, desarrollado en colaboraci\u00f3n con Rockefeller Philanthropy Advisors (RPA) y Ciudades y Gobiernos Locales Unidos (CGLU). El Fondo tiene por prop\u00f3sito financiar gobiernos locales del mundo para trabajar, junto a las y los j\u00f3venes locales, en proyectos que basados en el liderazgo juvenil busquen dar soluci\u00f3n a las emergencias clim\u00e1ticas de su entorno.<\/p>\n<p style=\"font-weight: 400;\">Es\u00a0por\u00a0lo\u00a0anterior\u00a0que, mediante\u00a0las\u00a0presentes\u00a0bases, la Municipalidad de Padre Hurtado convoca a las y\u00a0los j\u00f3venes de 15\u00a0a\u00a024\u00a0a\u00f1os,\u00a0residentes\u00a0en\u00a0Padre Hurtado,\u00a0y\u00a0agrupados\u00a0en\u00a0organizaciones\u00a0legalmente\u00a0constituidas,\u00a0a\u00a0que\u00a0lideren\u00a0proyectos que logren la mitigaci\u00f3n, adaptaci\u00f3n o educaci\u00f3n respecto al cambio clim\u00e1tico y sus efectos en la comuna.<\/p>\n<p style=\"font-weight: 400;\">La\u00a0ejecuci\u00f3n\u00a0de\u00a0este\u00a0Fondo\u00a0tiene\u00a0como\u00a0uno\u00a0de\u00a0sus\u00a0prop\u00f3sitos\u00a0involucrar\u00a0a\u00a0las\u00a0y\u00a0los\u00a0j\u00f3venes\u00a0en\u00a0los\u00a0compromisos\u00a0que la Municipalidad de Padre Hurtado ya ha suscrito por la acci\u00f3n clim\u00e1tica, participando en acuerdos como la Alianza para la Acci\u00f3n Clim\u00e1tica (ACA) y el Pacto Global de Alcaldes por el Clima y la Energ\u00eda, y en\u00a0concordancia\u00a0adem\u00e1s con el Plan de Acci\u00f3n Regional de Cambio Clim\u00e1tico de la Regi\u00f3n Metropolitana (PARCC RMS). Asimismo, busca difundir el Plan de Acci\u00f3n Comunal de Cambio Clim\u00e1tico.<\/p>\n<p style=\"font-weight: 400;\">En este \u00faltimo proceso, se han identificado amenazas claves a las\u00a0cuales direccionar la acci\u00f3n clim\u00e1tica,\u00a0como son las\u00a0olas\u00a0de\u00a0calor,\u00a0que,\u00a0sumadas\u00a0a\u00a0la\u00a0escasez\u00a0h\u00eddrica\u00a0y\u00a0de\u00a0\u00e1reas\u00a0verdes,\u00a0fomenta\u00a0la\u00a0formaci\u00f3n\u00a0de\u00a0islas\u00a0de\u00a0calor\u00a0urbano (zonas extensamente pavimentadas donde la sensaci\u00f3n t\u00e9rmica es\u00a0mayor).\u00a0Adem\u00e1s,\u00a0se\u00a0identifican\u00a0otras\u00a0amenazas clim\u00e1ticas relevantes como inundaciones, incendios, sequ\u00edas, heladas, p\u00e9rdidas de \u00e1reas verdes y biodiversidad.<\/p>\n<p style=\"font-weight: 400;\">En este marco, se invita a las y los j\u00f3venes de Padre Hurtado a dise\u00f1ar, postular, implementar y dirigir proyectos que busquen la adaptaci\u00f3n, mitigaci\u00f3n y\/o educaci\u00f3n respecto a los retos clim\u00e1ticos identificados.<\/p>\n<p>Revise las bases en el siguiente enlace: <a href=\"https:\/\/portal.mph.cl\/wp-content\/uploads\/2026\/09\/YCAF-BASES-PH-03092026.pdf\">YCAF-BASES PH<\/a><\/p>\n<div class=\"row cf\"><div class=\"column one-1\">\n<blockquote>\n<p style=\"font-weight: 400;\"><strong>La v\u00eda de postulaci\u00f3n ser\u00e1 a trav\u00e9s de correo electr\u00f3nico y los documentos requeridos deber\u00e1n ser enviados a ybugueno@mph.cl.\u00a0<\/strong><\/p>\n<p>Los documentos requeridos son:<\/p>\n<ul>\n<li><a href=\"https:\/\/portal.mph.cl\/wp-content\/uploads\/2026\/09\/Anexo-1_Ficha-postulacion.docx\">Anexo 1_Ficha postulaci\u00f3n<\/a><\/li>\n<li><a href=\"https:\/\/portal.mph.cl\/wp-content\/uploads\/2026\/09\/Anexo-2_Plan-de-gastos.docx\">Anexo 2_Plan de gastos<\/a><\/li>\n<li><a href=\"https:\/\/portal.mph.cl\/wp-content\/uploads\/2026\/09\/Anexo-3_Carta-de-compromiso-jovenes-y-nomina.docx\">Anexo 3_Carta de compromiso j\u00f3venes y n\u00f3mina<\/a><\/li>\n<li><a href=\"https:\/\/portal.mph.cl\/wp-content\/uploads\/2026\/09\/Anexo-4_Declaracion-jurada-simple-de-org-sin-funcionarios.docx\">Anexo 4_Declaraci\u00f3n jurada simple de org sin funcionarios<\/a><\/li>\n<li><a href=\"https:\/\/portal.mph.cl\/wp-content\/uploads\/2026\/09\/Anexo-5_Carta-de-compromiso-de-patrocinio.docx\">Anexo 5_Carta de compromiso de patrocinio<\/a><\/li>\n<li><a href=\"https:\/\/portal.mph.cl\/wp-content\/uploads\/2026\/09\/Anexo-6_Declaracion-org-dirigida-o-al-servicio.docx\">Anexo 6_Declaraci\u00f3n org dirigida o al servicio<\/a><\/li>\n<li><a href=\"https:\/\/portal.mph.cl\/wp-content\/uploads\/2026\/09\/Anexo-9_Factibilidad-tecnica-de-intervencion-en-el-EP.docx\">Anexo 9_Factibilidad t\u00e9cnica de intervenci\u00f3n en el EP<\/a><\/li>\n<\/ul>\n<p>&nbsp;<\/p>\n<p style=\"font-weight: 400;\">La recepci\u00f3n de los antecedentes ser\u00e1 entre los d\u00edas\u00a0<strong>04 de septiembre de 2026 hasta el 16 de octubre de 2026.<\/strong><\/p>\n<p style=\"font-weight: 400;\">Se podr\u00e1n realizar consultas al correo\u00a0<a href=\"mailto:ybugueno@mph.cl,\">ybugueno@mph.cl,<\/a>\u00a0y tambi\u00e9n en las jornadas de Encuentro y CoDise\u00f1o programadas.<\/p>\n<\/div><\/div>\n<hr \/>\n<p>&nbsp;<\/p>\n","protected":false},"excerpt":{"rendered":"<p>Para el a\u00f1o 2026 la Municipalidad de Padre Hurtado consigue el financiamiento del Fondo Juventud y Acci\u00f3n Clim\u00e1tica otorgado por la fundaci\u00f3n Bloomberg Philanthropies, desarrollado en colaboraci\u00f3n con Rockefeller Philanthropy Advisors (RPA) y Ciudades y Gobiernos Locales Unidos (CGLU). El Fondo tiene por prop\u00f3sito financiar gobiernos locales del mundo para trabajar, junto a las y<\/p>\n<div class=\"read-more\"><a href=\"https:\/\/portal.mph.cl\/?page_id=30798\" title=\"Read More\">Read More<\/a><\/div>\n","protected":false},"author":13,"featured_media":0,"parent":0,"menu_order":0,"comment_status":"closed","ping_status":"closed","template":"","meta":{"footnotes":""},"_links":{"self":[{"href":"https:\/\/portal.mph.cl\/index.php?rest_route=\/wp\/v2\/pages\/30798"}],"collection":[{"href":"https:\/\/portal.mph.cl\/index.php?rest_route=\/wp\/v2\/pages"}],"about":[{"href":"https:\/\/portal.mph.cl\/index.php?rest_route=\/wp\/v2\/types\/page"}],"author":[{"embeddable":true,"href":"https:\/\/portal.mph.cl\/index.php?rest_route=\/wp\/v2\/users\/13"}],"replies":[{"embeddable":true,"href":"https:\/\/portal.mph.cl\/index.php?rest_route=%2Fwp%2Fv2%2Fcomments&post=30798"}],"version-history":[{"count":8,"href":"https:\/\/portal.mph.cl\/index.php?rest_route=\/wp\/v2\/pages\/30798\/revisions"}],"predecessor-version":[{"id":30815,"href":"https:\/\/portal.mph.cl\/index.php?rest_route=\/wp\/v2\/pages\/30798\/revisions\/30815"}],"wp:attachment":[{"href":"https:\/\/portal.mph.cl\/index.php?rest_route=%2Fwp%2Fv2%2Fmedia&parent=30798"}],"curies":[{"name":"wp","href":"https:\/\/api.w.org\/{rel}","templated":true}]}}